{"id":159,"date":"2023-05-03T13:22:08","date_gmt":"2023-05-03T13:22:08","guid":{"rendered":"https:\/\/cgplanengenharia.com.br\/?page_id=159"},"modified":"2023-05-13T22:30:19","modified_gmt":"2023-05-13T22:30:19","slug":"gerenciamento-e-fiscalizacao","status":"publish","type":"page","link":"https:\/\/cgplanengenharia.com.br\/?page_id=159","title":{"rendered":"Gerenciamento e Fiscaliza\u00e7\u00e3o"},"content":{"rendered":"<p>[et_pb_section fb_built=&#8221;1&#8243; _builder_version=&#8221;4.17.4&#8243; _module_preset=&#8221;default&#8221; background_color=&#8221;#000000&#8243; global_colors_info=&#8221;{}&#8221;][et_pb_row _builder_version=&#8221;4.17.4&#8243; _module_preset=&#8221;default&#8221; custom_padding=&#8221;2px|||||&#8221; global_colors_info=&#8221;{}&#8221;][et_pb_column type=&#8221;4_4&#8243; _builder_version=&#8221;4.17.4&#8243; _module_preset=&#8221;default&#8221; global_colors_info=&#8221;{}&#8221;][dsm_text_notation notation_text=&#8221;Gerenciamento e Fiscalizac\u0327a\u0303o&#8221; notation_color=&#8221;#336bb3&#8243; _builder_version=&#8221;4.17.4&#8243; _module_preset=&#8221;default&#8221; notation_font=&#8221;Poppins|300|||||||&#8221; notation_text_color=&#8221;#e2e2e2&#8243; notation_font_size=&#8221;40px&#8221; notation_letter_spacing=&#8221;3px&#8221; notation_line_height=&#8221;1.2em&#8221; module_alignment=&#8221;center&#8221; animation_style=&#8221;fade&#8221; animation_direction=&#8221;bottom&#8221; locked=&#8221;off&#8221; global_colors_info=&#8221;{}&#8221;][\/dsm_text_notation][\/et_pb_column][\/et_pb_row][et_pb_row column_structure=&#8221;1_2,1_2&#8243; _builder_version=&#8221;4.17.4&#8243; _module_preset=&#8221;default&#8221; custom_margin=&#8221;-6px|auto||auto||&#8221; global_colors_info=&#8221;{}&#8221;][et_pb_column type=&#8221;1_2&#8243; _builder_version=&#8221;4.17.4&#8243; _module_preset=&#8221;default&#8221; global_colors_info=&#8221;{}&#8221;][et_pb_image src=&#8221;https:\/\/cgplanengenharia.com.br\/wp-content\/uploads\/2023\/05\/sescnovo.jpeg&#8221; title_text=&#8221;sescnovo&#8221; _builder_version=&#8221;4.17.4&#8243; _module_preset=&#8221;default&#8221; global_colors_info=&#8221;{}&#8221;][\/et_pb_image][et_pb_text _builder_version=&#8221;4.17.4&#8243; _module_preset=&#8221;default&#8221; text_text_color=&#8221;#FFFFFF&#8221; text_font_size=&#8221;13px&#8221; header_font=&#8221;Poppins|700|||||||&#8221; header_text_color=&#8221;#FFFFFF&#8221; header_font_size=&#8221;22px&#8221; locked=&#8221;off&#8221; global_colors_info=&#8221;{}&#8221;]<\/p>\n<h1>Complexo Esportivo do SESC SP<\/h1>\n<p>Or\u00e7amenta\u00e7\u00e3o e consultoria em BIM para constru\u00e7\u00e3o do novo complexo esportivo do SESC SP[\/et_pb_text][\/et_pb_column][et_pb_column type=&#8221;1_2&#8243; _builder_version=&#8221;4.17.4&#8243; _module_preset=&#8221;default&#8221; global_colors_info=&#8221;{}&#8221;][et_pb_slider _builder_version=&#8221;4.17.4&#8243; _module_preset=&#8221;default&#8221; custom_margin=&#8221;||41px|||&#8221; global_colors_info=&#8221;{}&#8221;][et_pb_slide _builder_version=&#8221;4.17.4&#8243; _module_preset=&#8221;default&#8221; background_image=&#8221;https:\/\/cgplanengenharia.com.br\/wp-content\/uploads\/2023\/05\/Screen-Shot-2023-05-03-at-08.51.41.png&#8221; background_enable_image=&#8221;on&#8221; global_colors_info=&#8221;{}&#8221; sticky_transition=&#8221;on&#8221;]<\/p>\n<p>&nbsp;<\/p>\n<p>&nbsp;<\/p>\n<p>&nbsp;<\/p>\n<p>&nbsp;<\/p>\n<p>&nbsp;<\/p>\n<p>&nbsp;<\/p>\n<p>[\/et_pb_slide][et_pb_slide _builder_version=&#8221;4.17.4&#8243; _module_preset=&#8221;default&#8221; background_image=&#8221;https:\/\/cgplanengenharia.com.br\/wp-content\/uploads\/2023\/05\/Screen-Shot-2023-05-03-at-08.51.48.png&#8221; background_enable_image=&#8221;on&#8221; global_colors_info=&#8221;{}&#8221; sticky_transition=&#8221;on&#8221;][\/et_pb_slide][\/et_pb_slider][et_pb_text _builder_version=&#8221;4.17.4&#8243; _module_preset=&#8221;default&#8221; text_text_color=&#8221;#FFFFFF&#8221; text_font_size=&#8221;13px&#8221; header_font=&#8221;Poppins|700|||||||&#8221; header_text_color=&#8221;#FFFFFF&#8221; header_font_size=&#8221;22px&#8221; global_colors_info=&#8221;{}&#8221;]<\/p>\n<h1>Projeto de protec\u0327a\u0303o acu\u0301stica e estrutural em BIM da oficina de locomotivas MRS \u2014 Barra do Pirai\u0301- RJ<\/h1>\n<p>Gerenciamento e orc\u0327amentac\u0327a\u0303o do projeto de protec\u0327a\u0303o acu\u0301stica e estrutural em BIM da oficina de locomotivas MRS em Barra do Pirai\u0301- RJ[\/et_pb_text][\/et_pb_column][\/et_pb_row][et_pb_row column_structure=&#8221;1_2,1_2&#8243; _builder_version=&#8221;4.17.4&#8243; _module_preset=&#8221;default&#8221; global_colors_info=&#8221;{}&#8221;][et_pb_column type=&#8221;1_2&#8243; _builder_version=&#8221;4.17.4&#8243; _module_preset=&#8221;default&#8221; global_colors_info=&#8221;{}&#8221;][et_pb_image src=&#8221;https:\/\/cgplanengenharia.com.br\/wp-content\/uploads\/2023\/05\/buuoldingcut.jpeg&#8221; title_text=&#8221;buuoldingcut&#8221; _builder_version=&#8221;4.17.4&#8243; _module_preset=&#8221;default&#8221; global_colors_info=&#8221;{}&#8221;][\/et_pb_image][et_pb_text _builder_version=&#8221;4.17.4&#8243; _module_preset=&#8221;default&#8221; text_text_color=&#8221;#FFFFFF&#8221; text_font_size=&#8221;13px&#8221; header_font=&#8221;Poppins|700|||||||&#8221; header_text_color=&#8221;#FFFFFF&#8221; header_font_size=&#8221;22px&#8221; global_colors_info=&#8221;{}&#8221;]<\/p>\n<h1>Sede do CRM \u2014 MG<\/h1>\n<p>Gerenciamento, fiscalizac\u0327a\u0303o e orc\u0327amentac\u0327a\u0303o das obras de reforma da sede do CRM-MG[\/et_pb_text][\/et_pb_column][et_pb_column type=&#8221;1_2&#8243; _builder_version=&#8221;4.17.4&#8243; _module_preset=&#8221;default&#8221; global_colors_info=&#8221;{}&#8221;][et_pb_image src=&#8221;https:\/\/cgplanengenharia.com.br\/wp-content\/uploads\/2023\/05\/oficinavagoes.jpeg&#8221; title_text=&#8221;oficinavagoes&#8221; _builder_version=&#8221;4.17.4&#8243; _module_preset=&#8221;default&#8221; global_colors_info=&#8221;{}&#8221;][\/et_pb_image][et_pb_text _builder_version=&#8221;4.17.4&#8243; _module_preset=&#8221;default&#8221; text_text_color=&#8221;#FFFFFF&#8221; text_font_size=&#8221;13px&#8221; header_font=&#8221;Poppins|700|||||||&#8221; header_text_color=&#8221;#FFFFFF&#8221; header_font_size=&#8221;22px&#8221; global_colors_info=&#8221;{}&#8221;]<\/p>\n<h1>Oficina de Vago\u0303es VLI \u2014 Itaciba-ES<\/h1>\n<p>Gerenciamento, fiscalizac\u0327a\u0303o e planejamento da obra de construc\u0327a\u0303o da oficina de vago\u0303es VLI em Itaciba-ES[\/et_pb_text][\/et_pb_column][\/et_pb_row][et_pb_row column_structure=&#8221;1_2,1_2&#8243; _builder_version=&#8221;4.17.4&#8243; _module_preset=&#8221;default&#8221; global_colors_info=&#8221;{}&#8221;][et_pb_column type=&#8221;1_2&#8243; _builder_version=&#8221;4.17.4&#8243; _module_preset=&#8221;default&#8221; global_colors_info=&#8221;{}&#8221;][et_pb_image src=&#8221;https:\/\/cgplanengenharia.com.br\/wp-content\/uploads\/2023\/05\/Gerenciamento-das-obras-do-viaduto-da-ferrovia-do-Corrego-do-feijao-em-Brumadinho-MG.jpg&#8221; title_text=&#8221;Gerenciamento das obras do viaduto da ferrovia do Co\u0301rrego do feija\u0303o em Brumadinho-MG&#8221; _builder_version=&#8221;4.17.4&#8243; _module_preset=&#8221;default&#8221; global_colors_info=&#8221;{}&#8221;][\/et_pb_image][et_pb_text _builder_version=&#8221;4.17.4&#8243; _module_preset=&#8221;default&#8221; text_text_color=&#8221;#FFFFFF&#8221; text_font_size=&#8221;13px&#8221; header_font=&#8221;Poppins|700|||||||&#8221; header_text_color=&#8221;#FFFFFF&#8221; header_font_size=&#8221;22px&#8221; global_colors_info=&#8221;{}&#8221;]<\/p>\n<h1>Ferrovia do Co\u0301rrego do Feija\u0303o \u2014 Brumadinho-MG<\/h1>\n<p>Gerenciamento das obras do viaduto da ferrovia do Co\u0301rrego do feija\u0303o em Brumadinho-MG[\/et_pb_text][\/et_pb_column][et_pb_column type=&#8221;1_2&#8243; _builder_version=&#8221;4.17.4&#8243; _module_preset=&#8221;default&#8221; global_colors_info=&#8221;{}&#8221;][et_pb_image src=&#8221;https:\/\/cgplanengenharia.com.br\/wp-content\/uploads\/2022\/07\/Gerenciamento-das-obras-de-constencao-de-rejeito-da-ANGLO-AMERICAN-em-Conceicao-do-Mato-Dentro-MG.jpg&#8221; title_text=&#8221;Gerenciamento das obras de consten\u00e7\u00e3o de rejeito da ANGLO AMERICAN em Concei\u00e7\u00e3o do Mato Dentro-MG&#8221; _builder_version=&#8221;4.17.4&#8243; _module_preset=&#8221;default&#8221; global_colors_info=&#8221;{}&#8221;][\/et_pb_image][et_pb_text _builder_version=&#8221;4.17.4&#8243; _module_preset=&#8221;default&#8221; text_text_color=&#8221;#FFFFFF&#8221; text_font_size=&#8221;13px&#8221; header_font=&#8221;Poppins|700|||||||&#8221; header_text_color=&#8221;#FFFFFF&#8221; header_font_size=&#8221;22px&#8221; global_colors_info=&#8221;{}&#8221;]<\/p>\n<h1>Contenc\u0327a\u0303o de Rejeito da ANGLO AMERICAN \u2014 Conceic\u0327a\u0303o do Mato Dentro-MG<\/h1>\n<p>Gerenciamento das obras de contenc\u0327a\u0303o de rejeito da ANGLO AMERICAN em Conceic\u0327a\u0303o do Mato Dentro-MG[\/et_pb_text][\/et_pb_column][\/et_pb_row][et_pb_row column_structure=&#8221;1_2,1_2&#8243; _builder_version=&#8221;4.17.4&#8243; _module_preset=&#8221;default&#8221; global_colors_info=&#8221;{}&#8221;][et_pb_column type=&#8221;1_2&#8243; _builder_version=&#8221;4.17.4&#8243; _module_preset=&#8221;default&#8221; global_colors_info=&#8221;{}&#8221;][et_pb_image src=&#8221;https:\/\/cgplanengenharia.com.br\/wp-content\/uploads\/2023\/05\/Gerenciamento-das-obras-do-viaduto-da-ferrovia-do-Corrego-do-feijao-em-Brumadinho-MG.jpg&#8221; title_text=&#8221;Gerenciamento das obras do viaduto da ferrovia do Co\u0301rrego do feija\u0303o em Brumadinho-MG&#8221; _builder_version=&#8221;4.17.4&#8243; _module_preset=&#8221;default&#8221; global_colors_info=&#8221;{}&#8221;][\/et_pb_image][et_pb_text _builder_version=&#8221;4.17.4&#8243; _module_preset=&#8221;default&#8221; text_text_color=&#8221;#FFFFFF&#8221; text_font_size=&#8221;13px&#8221; header_font=&#8221;Poppins|700|||||||&#8221; header_text_color=&#8221;#FFFFFF&#8221; header_font_size=&#8221;22px&#8221; global_colors_info=&#8221;{}&#8221;]<\/p>\n<h1>Rodovias, Projeto do sol, VALE \u2014 Jai\u0301ba-MG.<\/h1>\n<p>Fiscalizac\u0327a\u0303o e gerenciamento da construc\u0327a\u0303o de rodovias &#8211; Projeto do sol, da VALE em Jai\u0301ba-MG.[\/et_pb_text][\/et_pb_column][et_pb_column type=&#8221;1_2&#8243; _builder_version=&#8221;4.17.4&#8243; _module_preset=&#8221;default&#8221; global_colors_info=&#8221;{}&#8221;][et_pb_image src=&#8221;https:\/\/cgplanengenharia.com.br\/wp-content\/uploads\/2023\/05\/Fiscalizacao-e-gerenciamento-da-execucao-de-base-para-estrutura-de-paines-fotovoltaicos-para-usina-da-VALE-em-Jaiba-MG.jpeg&#8221; title_text=&#8221;Fiscalizac\u0327a\u0303o e gerenciamento da execuc\u0327a\u0303o de base para estrutura de paine\u0301s fotovolta\u0301icos para usina da VALE em Jai\u0301ba-MG&#8221; _builder_version=&#8221;4.17.4&#8243; _module_preset=&#8221;default&#8221; global_colors_info=&#8221;{}&#8221;][\/et_pb_image][et_pb_text _builder_version=&#8221;4.17.4&#8243; _module_preset=&#8221;default&#8221; text_text_color=&#8221;#FFFFFF&#8221; text_font_size=&#8221;13px&#8221; header_font=&#8221;Poppins|700|||||||&#8221; header_text_color=&#8221;#FFFFFF&#8221; header_font_size=&#8221;22px&#8221; global_colors_info=&#8221;{}&#8221;]<\/p>\n<h1>Execuc\u0327a\u0303o de base para energia fotovoltaica VALE \u2014 Jai\u0301ba-MG<br \/>\n<\/h1>\n<p>Fiscalizac\u0327a\u0303o e gerenciamento da execuc\u0327a\u0303o de base para estrutura de paine\u0301s fotovolta\u0301icos para usina da VALE em Jai\u0301ba-MG[\/et_pb_text][\/et_pb_column][\/et_pb_row][et_pb_row column_structure=&#8221;1_2,1_2&#8243; _builder_version=&#8221;4.17.4&#8243; _module_preset=&#8221;default&#8221; global_colors_info=&#8221;{}&#8221;][et_pb_column type=&#8221;1_2&#8243; _builder_version=&#8221;4.17.4&#8243; _module_preset=&#8221;default&#8221; global_colors_info=&#8221;{}&#8221;][et_pb_image src=&#8221;https:\/\/cgplanengenharia.com.br\/wp-content\/uploads\/2023\/05\/locomotiva.jpeg&#8221; title_text=&#8221;locomotiva&#8221; _builder_version=&#8221;4.17.4&#8243; _module_preset=&#8221;default&#8221; global_colors_info=&#8221;{}&#8221;][\/et_pb_image][et_pb_text _builder_version=&#8221;4.17.4&#8243; _module_preset=&#8221;default&#8221; text_text_color=&#8221;#FFFFFF&#8221; text_font_size=&#8221;13px&#8221; header_font=&#8221;Poppins|700|||||||&#8221; header_text_color=&#8221;#FFFFFF&#8221; header_font_size=&#8221;22px&#8221; global_colors_info=&#8221;{}&#8221;]<\/p>\n<h1>oficina de locomotivas VLI &#8211; SP<\/h1>\n<p>Gerenciamento e planejamento das obras de constru\u00e7\u00e3o da oficina de locomotivas VLI em Paul\u00ednea-SP[\/et_pb_text][\/et_pb_column][et_pb_column type=&#8221;1_2&#8243; _builder_version=&#8221;4.17.4&#8243; _module_preset=&#8221;default&#8221; global_colors_info=&#8221;{}&#8221;][\/et_pb_column][\/et_pb_row][\/et_pb_section]<\/p>\n","protected":false},"excerpt":{"rendered":"<p><div class=\"et_pb_module dsm_text_notation dsm_text_notation_0 et_animated  et_pb_bg_layout_light\">\n\t\t\t\t\n\t\t\t\t\n\t\t\t\t\n\t\t\t\t\n\t\t\t\t\n\t\t\t\t\n\t\t\t\t<div class=\"et_pb_module_inner\">\n\t\t\t\t\t<h1 class=\"dsm-text-notation-main et_pb_module_header\"><span data-notation=\"[{&quot;type&quot;:&quot;underline&quot;,&quot;color&quot;:&quot;#336bb3&quot;,&quot;stroke-width&quot;:&quot;1&quot;,&quot;iterations&quot;:&quot;2&quot;,&quot;brackets&quot;:&quot;left|right&quot;,&quot;viewport&quot;:&quot;80%&quot;,&quot;delay&quot;:&quot;0ms&quot;,&quot;divi-animate&quot;:&quot;fade&quot;,&quot;divi-animate-duration&quot;:&quot;1000ms&quot;,&quot;divi-animate-delay&quot;:&quot;0ms&quot;}]\" class=\"dsm-text-notation-middle\">Gerenciamento e Fiscalizac\u0327a\u0303o<\/span><\/h1>\n\t\t\t\t<\/div>\n\t\t\t<\/div>Complexo Esportivo do SESC SP Or\u00e7amenta\u00e7\u00e3o e consultoria em BIM para constru\u00e7\u00e3o do novo complexo esportivo do SESC SP&nbsp; &nbsp; &nbsp; &nbsp; &nbsp; &nbsp;Projeto de protec\u0327a\u0303o acu\u0301stica e estrutural em BIM da oficina de locomotivas MRS \u2014 Barra do [&hellip;]<\/p>\n","protected":false},"author":1,"featured_media":0,"parent":0,"menu_order":0,"comment_status":"closed","ping_status":"closed","template":"","meta":{"nf_dc_page":"","_et_pb_use_builder":"on","_et_pb_old_content":"","_et_gb_content_width":"","om_disable_all_campaigns":false,"_monsterinsights_skip_tracking":false,"_monsterinsights_sitenote_active":false,"_monsterinsights_sitenote_note":"","_monsterinsights_sitenote_category":0,"_joinchat":[],"footnotes":""},"class_list":["post-159","page","type-page","status-publish","hentry"],"yoast_head":"<!-- This site is optimized with the Yoast SEO plugin v27.5 - https:\/\/yoast.com\/product\/yoast-seo-wordpress\/ -->\n<title>Gerenciamento e Fiscaliza\u00e7\u00e3o - CGPLAN ENGENHARIA<\/title>\n<meta name=\"robots\" content=\"index, follow, max-snippet:-1, max-image-preview:large, max-video-preview:-1\" \/>\n<link rel=\"canonical\" href=\"https:\/\/cgplanengenharia.com.br\/?page_id=159\" \/>\n<meta property=\"og:locale\" content=\"pt_PT\" \/>\n<meta property=\"og:type\" content=\"article\" \/>\n<meta property=\"og:title\" content=\"Gerenciamento e Fiscaliza\u00e7\u00e3o - CGPLAN ENGENHARIA\" \/>\n<meta property=\"og:description\" content=\"Complexo Esportivo do SESC SP Or\u00e7amenta\u00e7\u00e3o e consultoria em BIM para constru\u00e7\u00e3o do novo complexo esportivo do SESC SP&nbsp; &nbsp; &nbsp; &nbsp; &nbsp; &nbsp;Projeto de protec\u0327a\u0303o acu\u0301stica e estrutural em BIM da oficina de locomotivas MRS \u2014 Barra do [&hellip;]\" \/>\n<meta property=\"og:url\" content=\"https:\/\/cgplanengenharia.com.br\/?page_id=159\" \/>\n<meta property=\"og:site_name\" content=\"CGPLAN ENGENHARIA\" \/>\n<meta property=\"article:modified_time\" content=\"2023-05-13T22:30:19+00:00\" \/>\n<meta name=\"twitter:card\" content=\"summary_large_image\" \/>\n<script type=\"application\/ld+json\" class=\"yoast-schema-graph\">{\"@context\":\"https:\\\/\\\/schema.org\",\"@graph\":[{\"@type\":\"WebPage\",\"@id\":\"https:\\\/\\\/cgplanengenharia.com.br\\\/?page_id=159\",\"url\":\"https:\\\/\\\/cgplanengenharia.com.br\\\/?page_id=159\",\"name\":\"Gerenciamento e Fiscaliza\u00e7\u00e3o - CGPLAN ENGENHARIA\",\"isPartOf\":{\"@id\":\"https:\\\/\\\/cgplanengenharia.com.br\\\/#website\"},\"datePublished\":\"2023-05-03T13:22:08+00:00\",\"dateModified\":\"2023-05-13T22:30:19+00:00\",\"breadcrumb\":{\"@id\":\"https:\\\/\\\/cgplanengenharia.com.br\\\/?page_id=159#breadcrumb\"},\"inLanguage\":\"pt-PT\",\"potentialAction\":[{\"@type\":\"ReadAction\",\"target\":[\"https:\\\/\\\/cgplanengenharia.com.br\\\/?page_id=159\"]}]},{\"@type\":\"BreadcrumbList\",\"@id\":\"https:\\\/\\\/cgplanengenharia.com.br\\\/?page_id=159#breadcrumb\",\"itemListElement\":[{\"@type\":\"ListItem\",\"position\":1,\"name\":\"Home\",\"item\":\"https:\\\/\\\/cgplanengenharia.com.br\\\/\"},{\"@type\":\"ListItem\",\"position\":2,\"name\":\"Gerenciamento e Fiscaliza\u00e7\u00e3o\"}]},{\"@type\":\"WebSite\",\"@id\":\"https:\\\/\\\/cgplanengenharia.com.br\\\/#website\",\"url\":\"https:\\\/\\\/cgplanengenharia.com.br\\\/\",\"name\":\"CGPLAN ENGENHARIA\",\"description\":\"-\",\"potentialAction\":[{\"@type\":\"SearchAction\",\"target\":{\"@type\":\"EntryPoint\",\"urlTemplate\":\"https:\\\/\\\/cgplanengenharia.com.br\\\/?s={search_term_string}\"},\"query-input\":{\"@type\":\"PropertyValueSpecification\",\"valueRequired\":true,\"valueName\":\"search_term_string\"}}],\"inLanguage\":\"pt-PT\"}]}<\/script>\n<!-- \/ Yoast SEO plugin. -->","yoast_head_json":{"title":"Gerenciamento e Fiscaliza\u00e7\u00e3o - CGPLAN ENGENHARIA","robots":{"index":"index","follow":"follow","max-snippet":"max-snippet:-1","max-image-preview":"max-image-preview:large","max-video-preview":"max-video-preview:-1"},"canonical":"https:\/\/cgplanengenharia.com.br\/?page_id=159","og_locale":"pt_PT","og_type":"article","og_title":"Gerenciamento e Fiscaliza\u00e7\u00e3o - CGPLAN ENGENHARIA","og_description":"Complexo Esportivo do SESC SP Or\u00e7amenta\u00e7\u00e3o e consultoria em BIM para constru\u00e7\u00e3o do novo complexo esportivo do SESC SP&nbsp; &nbsp; &nbsp; &nbsp; &nbsp; &nbsp;Projeto de protec\u0327a\u0303o acu\u0301stica e estrutural em BIM da oficina de locomotivas MRS \u2014 Barra do [&hellip;]","og_url":"https:\/\/cgplanengenharia.com.br\/?page_id=159","og_site_name":"CGPLAN ENGENHARIA","article_modified_time":"2023-05-13T22:30:19+00:00","twitter_card":"summary_large_image","schema":{"@context":"https:\/\/schema.org","@graph":[{"@type":"WebPage","@id":"https:\/\/cgplanengenharia.com.br\/?page_id=159","url":"https:\/\/cgplanengenharia.com.br\/?page_id=159","name":"Gerenciamento e Fiscaliza\u00e7\u00e3o - CGPLAN ENGENHARIA","isPartOf":{"@id":"https:\/\/cgplanengenharia.com.br\/#website"},"datePublished":"2023-05-03T13:22:08+00:00","dateModified":"2023-05-13T22:30:19+00:00","breadcrumb":{"@id":"https:\/\/cgplanengenharia.com.br\/?page_id=159#breadcrumb"},"inLanguage":"pt-PT","potentialAction":[{"@type":"ReadAction","target":["https:\/\/cgplanengenharia.com.br\/?page_id=159"]}]},{"@type":"BreadcrumbList","@id":"https:\/\/cgplanengenharia.com.br\/?page_id=159#breadcrumb","itemListElement":[{"@type":"ListItem","position":1,"name":"Home","item":"https:\/\/cgplanengenharia.com.br\/"},{"@type":"ListItem","position":2,"name":"Gerenciamento e Fiscaliza\u00e7\u00e3o"}]},{"@type":"WebSite","@id":"https:\/\/cgplanengenharia.com.br\/#website","url":"https:\/\/cgplanengenharia.com.br\/","name":"CGPLAN ENGENHARIA","description":"-","potentialAction":[{"@type":"SearchAction","target":{"@type":"EntryPoint","urlTemplate":"https:\/\/cgplanengenharia.com.br\/?s={search_term_string}"},"query-input":{"@type":"PropertyValueSpecification","valueRequired":true,"valueName":"search_term_string"}}],"inLanguage":"pt-PT"}]}},"jetpack_sharing_enabled":true,"_links":{"self":[{"href":"https:\/\/cgplanengenharia.com.br\/index.php?rest_route=\/wp\/v2\/pages\/159","targetHints":{"allow":["GET"]}}],"collection":[{"href":"https:\/\/cgplanengenharia.com.br\/index.php?rest_route=\/wp\/v2\/pages"}],"about":[{"href":"https:\/\/cgplanengenharia.com.br\/index.php?rest_route=\/wp\/v2\/types\/page"}],"author":[{"embeddable":true,"href":"https:\/\/cgplanengenharia.com.br\/index.php?rest_route=\/wp\/v2\/users\/1"}],"replies":[{"embeddable":true,"href":"https:\/\/cgplanengenharia.com.br\/index.php?rest_route=%2Fwp%2Fv2%2Fcomments&post=159"}],"version-history":[{"count":5,"href":"https:\/\/cgplanengenharia.com.br\/index.php?rest_route=\/wp\/v2\/pages\/159\/revisions"}],"predecessor-version":[{"id":221,"href":"https:\/\/cgplanengenharia.com.br\/index.php?rest_route=\/wp\/v2\/pages\/159\/revisions\/221"}],"wp:attachment":[{"href":"https:\/\/cgplanengenharia.com.br\/index.php?rest_route=%2Fwp%2Fv2%2Fmedia&parent=159"}],"curies":[{"name":"wp","href":"https:\/\/api.w.org\/{rel}","templated":true}]}}