{"id":52,"date":"2022-07-20T22:25:43","date_gmt":"2022-07-20T22:25:43","guid":{"rendered":"https:\/\/cgplanengenharia.com.br\/?page_id=52"},"modified":"2025-08-13T17:25:27","modified_gmt":"2025-08-13T17:25:27","slug":"construcao-e-reforma","status":"publish","type":"page","link":"https:\/\/cgplanengenharia.com.br\/?page_id=52","title":{"rendered":"Constru\u00e7\u00e3o e Reforma"},"content":{"rendered":"<p>[et_pb_section fb_built=&#8221;1&#8243; _builder_version=&#8221;4.17.4&#8243; _module_preset=&#8221;default&#8221; background_color=&#8221;#000000&#8243; global_colors_info=&#8221;{}&#8221;][et_pb_row _builder_version=&#8221;4.17.4&#8243; _module_preset=&#8221;default&#8221; custom_padding=&#8221;2px|||||&#8221; global_colors_info=&#8221;{}&#8221;][et_pb_column type=&#8221;4_4&#8243; _builder_version=&#8221;4.17.4&#8243; _module_preset=&#8221;default&#8221; global_colors_info=&#8221;{}&#8221;][dsm_text_notation notation_text=&#8221;Constru\u00e7\u00e3o e Reforma&#8221; notation_color=&#8221;#336bb3&#8243; _builder_version=&#8221;4.17.4&#8243; _module_preset=&#8221;default&#8221; notation_font=&#8221;Poppins|300|||||||&#8221; notation_text_color=&#8221;#e2e2e2&#8243; notation_font_size=&#8221;40px&#8221; notation_letter_spacing=&#8221;3px&#8221; notation_line_height=&#8221;1.2em&#8221; module_alignment=&#8221;center&#8221; animation_style=&#8221;fade&#8221; animation_direction=&#8221;bottom&#8221; locked=&#8221;off&#8221; global_colors_info=&#8221;{}&#8221;][\/dsm_text_notation][\/et_pb_column][\/et_pb_row][et_pb_row column_structure=&#8221;1_2,1_2&#8243; _builder_version=&#8221;4.17.4&#8243; _module_preset=&#8221;default&#8221; global_colors_info=&#8221;{}&#8221;][et_pb_column type=&#8221;1_2&#8243; _builder_version=&#8221;4.17.4&#8243; _module_preset=&#8221;default&#8221; global_colors_info=&#8221;{}&#8221;][et_pb_video src=&#8221;https:\/\/www.youtube.com\/watch?v=RiNX6Dx9ZLw&#8221; _builder_version=&#8221;4.17.4&#8243; _module_preset=&#8221;default&#8221; hover_enabled=&#8221;0&#8243; global_colors_info=&#8221;{}&#8221; sticky_enabled=&#8221;0&#8243; title_text=&#8221;Frame 4817611&#8243; image_src=&#8221;http:\/\/cgplanengenharia.com.br\/wp-content\/uploads\/2025\/08\/Frame-4817611.webp&#8221;][\/et_pb_video][et_pb_text _builder_version=&#8221;4.17.4&#8243; _module_preset=&#8221;default&#8221; text_text_color=&#8221;#FFFFFF&#8221; text_font_size=&#8221;13px&#8221; header_font=&#8221;Poppins|700|||||||&#8221; header_text_color=&#8221;#FFFFFF&#8221; header_font_size=&#8221;22px&#8221; global_colors_info=&#8221;{}&#8221;]<\/p>\n<h1>Retrofit Rua da Bahia &#8211; Belo Horizonte\/MG<\/h1>\n<p>[\/et_pb_text][\/et_pb_column][et_pb_column type=&#8221;1_2&#8243; _builder_version=&#8221;4.17.4&#8243; _module_preset=&#8221;default&#8221; global_colors_info=&#8221;{}&#8221;][et_pb_video src=&#8221;https:\/\/www.youtube.com\/watch?v=gaERnBbYizs&#8221; _builder_version=&#8221;4.17.4&#8243; _module_preset=&#8221;default&#8221; hover_enabled=&#8221;0&#8243; global_colors_info=&#8221;{}&#8221; title_text=&#8221;Frame-4817621.webp&#8221; image_src=&#8221;http:\/\/cgplanengenharia.com.br\/wp-content\/uploads\/2025\/08\/Frame-4817621.webp&#8221; sticky_enabled=&#8221;0&#8243;][\/et_pb_video][et_pb_text _builder_version=&#8221;4.17.4&#8243; _module_preset=&#8221;default&#8221; text_text_color=&#8221;#FFFFFF&#8221; text_font_size=&#8221;13px&#8221; header_font=&#8221;Poppins|700|||||||&#8221; header_text_color=&#8221;#FFFFFF&#8221; header_font_size=&#8221;22px&#8221; hover_enabled=&#8221;0&#8243; global_colors_info=&#8221;{}&#8221; sticky_enabled=&#8221;0&#8243;]<\/p>\n<h1>Retrofit <yt-formatted-string force-default-style=\"\" class=\"style-scope ytd-watch-metadata\" title=\"RETROFIT @TEJPRO EST\u00daDIO TEJ2\">est\u00fadio TEJ2 <\/yt-formatted-string>&#8211; Belo Horizonte\/MG<\/h1>\n<p>[\/et_pb_text][\/et_pb_column][\/et_pb_row][et_pb_row column_structure=&#8221;1_2,1_2&#8243; _builder_version=&#8221;4.17.4&#8243; _module_preset=&#8221;default&#8221; locked=&#8221;off&#8221; global_colors_info=&#8221;{}&#8221;][et_pb_column type=&#8221;1_2&#8243; _builder_version=&#8221;4.17.4&#8243; _module_preset=&#8221;default&#8221; global_colors_info=&#8221;{}&#8221;][et_pb_image src=&#8221;https:\/\/cgplanengenharia.com.br\/wp-content\/uploads\/2023\/05\/lagoasanta.png&#8221; title_text=&#8221;lagoasanta&#8221; _builder_version=&#8221;4.17.4&#8243; _module_preset=&#8221;default&#8221; custom_margin=&#8221;||40px|||&#8221; global_colors_info=&#8221;{}&#8221;][\/et_pb_image][et_pb_text _builder_version=&#8221;4.17.4&#8243; _module_preset=&#8221;default&#8221; text_text_color=&#8221;#FFFFFF&#8221; text_font_size=&#8221;13px&#8221; header_font=&#8221;Poppins|700|||||||&#8221; header_text_color=&#8221;#FFFFFF&#8221; header_font_size=&#8221;22px&#8221; global_colors_info=&#8221;{}&#8221;]<\/p>\n<h1>Constru\u00e7\u00e3o de s\u00edtio em Lagoa Santa\/MG<\/h1>\n<p>[\/et_pb_text][\/et_pb_column][et_pb_column type=&#8221;1_2&#8243; _builder_version=&#8221;4.17.4&#8243; _module_preset=&#8221;default&#8221; global_colors_info=&#8221;{}&#8221;][et_pb_image src=&#8221;https:\/\/cgplanengenharia.com.br\/wp-content\/uploads\/2023\/05\/WhatsApp-Image-2023-05-13-at-17.09.31.jpeg&#8221; title_text=&#8221;WhatsApp Image 2023-05-13 at 17.09.31&#8243; _builder_version=&#8221;4.17.4&#8243; _module_preset=&#8221;default&#8221; global_colors_info=&#8221;{}&#8221;][\/et_pb_image][et_pb_text _builder_version=&#8221;4.17.4&#8243; _module_preset=&#8221;default&#8221; text_text_color=&#8221;#FFFFFF&#8221; text_font_size=&#8221;13px&#8221; header_font=&#8221;Poppins|700|||||||&#8221; header_text_color=&#8221;#FFFFFF&#8221; header_font_size=&#8221;22px&#8221; global_colors_info=&#8221;{}&#8221;]<\/p>\n<h1>Constru\u00e7\u00e3o de s\u00edtio em Lagoa Santa\/MG<\/h1>\n<p>[\/et_pb_text][\/et_pb_column][\/et_pb_row][et_pb_row column_structure=&#8221;1_2,1_2&#8243; _builder_version=&#8221;4.17.4&#8243; _module_preset=&#8221;default&#8221; locked=&#8221;off&#8221; global_colors_info=&#8221;{}&#8221;][et_pb_column type=&#8221;1_2&#8243; _builder_version=&#8221;4.17.4&#8243; _module_preset=&#8221;default&#8221; global_colors_info=&#8221;{}&#8221;][et_pb_image src=&#8221;https:\/\/cgplanengenharia.com.br\/wp-content\/uploads\/2023\/05\/Execucao-de-UBS-em-Poco-Fundo-MG.jpeg&#8221; title_text=&#8221;Execuc\u0327a\u0303o de UBS em Poc\u0327o Fundo MG&#8221; _builder_version=&#8221;4.17.4&#8243; _module_preset=&#8221;default&#8221; global_colors_info=&#8221;{}&#8221;][\/et_pb_image][et_pb_text _builder_version=&#8221;4.17.4&#8243; _module_preset=&#8221;default&#8221; text_text_color=&#8221;#FFFFFF&#8221; text_font_size=&#8221;13px&#8221; header_font=&#8221;Poppins|700|||||||&#8221; header_text_color=&#8221;#FFFFFF&#8221; header_font_size=&#8221;22px&#8221; global_colors_info=&#8221;{}&#8221;]<\/p>\n<h1>Execu\u00e7\u00e3o de UBS em Po\u00e7o Fundo MG.<\/h1>\n<p>[\/et_pb_text][\/et_pb_column][et_pb_column type=&#8221;1_2&#8243; _builder_version=&#8221;4.17.4&#8243; _module_preset=&#8221;default&#8221; global_colors_info=&#8221;{}&#8221;][et_pb_image src=&#8221;https:\/\/cgplanengenharia.com.br\/wp-content\/uploads\/2023\/05\/USB.jpeg&#8221; title_text=&#8221;USB&#8221; _builder_version=&#8221;4.17.4&#8243; _module_preset=&#8221;default&#8221; global_colors_info=&#8221;{}&#8221;][\/et_pb_image][et_pb_text _builder_version=&#8221;4.17.4&#8243; _module_preset=&#8221;default&#8221; text_text_color=&#8221;#FFFFFF&#8221; text_font_size=&#8221;13px&#8221; header_font=&#8221;Poppins|700|||||||&#8221; header_text_color=&#8221;#FFFFFF&#8221; header_font_size=&#8221;22px&#8221; global_colors_info=&#8221;{}&#8221;]<\/p>\n<h1>Execu\u00e7\u00e3o de UBS em Po\u00e7o Fundo MG.<\/h1>\n<p>[\/et_pb_text][\/et_pb_column][\/et_pb_row][et_pb_row column_structure=&#8221;1_2,1_2&#8243; _builder_version=&#8221;4.17.4&#8243; _module_preset=&#8221;default&#8221; global_colors_info=&#8221;{}&#8221;][et_pb_column type=&#8221;1_2&#8243; _builder_version=&#8221;4.17.4&#8243; _module_preset=&#8221;default&#8221; global_colors_info=&#8221;{}&#8221;][et_pb_image src=&#8221;https:\/\/cgplanengenharia.com.br\/wp-content\/uploads\/2023\/05\/senac2.png&#8221; title_text=&#8221;senac2&#8243; _builder_version=&#8221;4.17.4&#8243; _module_preset=&#8221;default&#8221; global_colors_info=&#8221;{}&#8221;][\/et_pb_image][et_pb_text _builder_version=&#8221;4.17.4&#8243; _module_preset=&#8221;default&#8221; text_text_color=&#8221;#FFFFFF&#8221; text_font_size=&#8221;13px&#8221; header_font=&#8221;Poppins|700|||||||&#8221; header_text_color=&#8221;#FFFFFF&#8221; header_font_size=&#8221;22px&#8221; global_colors_info=&#8221;{}&#8221;]<\/p>\n<h1>SENAC \u2013 MG em Belo Horizonte<\/h1>\n<p>Reforma e pintura das fachadas do SENAC MG em Belo Horizonte[\/et_pb_text][\/et_pb_column][et_pb_column type=&#8221;1_2&#8243; _builder_version=&#8221;4.17.4&#8243; _module_preset=&#8221;default&#8221; global_colors_info=&#8221;{}&#8221;][et_pb_image src=&#8221;https:\/\/cgplanengenharia.com.br\/wp-content\/uploads\/2023\/05\/senacnovo.jpeg&#8221; title_text=&#8221;senacnovo&#8221; _builder_version=&#8221;4.17.4&#8243; _module_preset=&#8221;default&#8221; global_colors_info=&#8221;{}&#8221;][\/et_pb_image][et_pb_text _builder_version=&#8221;4.17.4&#8243; _module_preset=&#8221;default&#8221; text_text_color=&#8221;#FFFFFF&#8221; text_font_size=&#8221;13px&#8221; header_font=&#8221;Poppins|700|||||||&#8221; header_text_color=&#8221;#FFFFFF&#8221; header_font_size=&#8221;22px&#8221; global_colors_info=&#8221;{}&#8221;]<\/p>\n<h1>SENAC \u2013 MG em Belo Horizonte<\/h1>\n<p>Reforma e pintura das fachadas do SENAC-MG em Belo Horizonte.[\/et_pb_text][\/et_pb_column][\/et_pb_row][et_pb_row column_structure=&#8221;1_2,1_2&#8243; _builder_version=&#8221;4.17.4&#8243; _module_preset=&#8221;default&#8221; global_colors_info=&#8221;{}&#8221;][et_pb_column type=&#8221;1_2&#8243; _builder_version=&#8221;4.17.4&#8243; _module_preset=&#8221;default&#8221; global_colors_info=&#8221;{}&#8221;][et_pb_image src=&#8221;https:\/\/cgplanengenharia.com.br\/wp-content\/uploads\/2023\/05\/Galpaonovo.jpeg&#8221; title_text=&#8221;Galpaonovo&#8221; _builder_version=&#8221;4.17.4&#8243; _module_preset=&#8221;default&#8221; locked=&#8221;off&#8221; global_colors_info=&#8221;{}&#8221;][\/et_pb_image][et_pb_text _builder_version=&#8221;4.17.4&#8243; _module_preset=&#8221;default&#8221; text_text_color=&#8221;#FFFFFF&#8221; text_font_size=&#8221;13px&#8221; header_font=&#8221;Poppins|700|||||||&#8221; header_text_color=&#8221;#FFFFFF&#8221; header_font_size=&#8221;22px&#8221; locked=&#8221;off&#8221; global_colors_info=&#8221;{}&#8221;]<\/p>\n<h1>Galpa\u0303o para treinamento SEST SENAT \u2014 Contagem-MG<\/h1>\n<p>Construc\u0327a\u0303o de galpa\u0303o para treinamento no SEST SENAT em Contagem-MG[\/et_pb_text][\/et_pb_column][et_pb_column type=&#8221;1_2&#8243; _builder_version=&#8221;4.17.4&#8243; _module_preset=&#8221;default&#8221; global_colors_info=&#8221;{}&#8221;][et_pb_image src=&#8221;https:\/\/cgplanengenharia.com.br\/wp-content\/uploads\/2023\/05\/Execucao-das-obras-do-CEI-Santo-Andre-em-Pocos-de-Caldas-MG.jpeg&#8221; title_text=&#8221;Execuc\u0327a\u0303o das obras do CEI Santo Andre\u0301 em Poc\u0327os de Caldas-MG&#8221; _builder_version=&#8221;4.17.4&#8243; _module_preset=&#8221;default&#8221; global_colors_info=&#8221;{}&#8221;][\/et_pb_image][et_pb_text _builder_version=&#8221;4.17.4&#8243; _module_preset=&#8221;default&#8221; text_text_color=&#8221;#FFFFFF&#8221; text_font_size=&#8221;13px&#8221; header_font=&#8221;Poppins|700|||||||&#8221; header_text_color=&#8221;#FFFFFF&#8221; header_font_size=&#8221;22px&#8221; global_colors_info=&#8221;{}&#8221;]<\/p>\n<h1>CEI Santo Andre\u0301 \u2014 Poc\u0327os de Caldas-MG <\/h1>\n<p>SENAC \u2013 MG em Belo Horizonte Execuc\u0327a\u0303o das obras do CEI Santo Andre\u0301 Reforma e pintura das fachadas do em Poc\u0327os de Caldas-MG[\/et_pb_text][\/et_pb_column][\/et_pb_row][et_pb_row column_structure=&#8221;1_2,1_2&#8243; _builder_version=&#8221;4.17.4&#8243; _module_preset=&#8221;default&#8221; custom_margin=&#8221;-6px|auto||auto||&#8221; global_colors_info=&#8221;{}&#8221;][et_pb_column type=&#8221;1_2&#8243; _builder_version=&#8221;4.17.4&#8243; _module_preset=&#8221;default&#8221; global_colors_info=&#8221;{}&#8221;][et_pb_image src=&#8221;https:\/\/cgplanengenharia.com.br\/wp-content\/uploads\/2024\/03\/WhatsApp-Image-2024-02-07-at-21.33.05-1.jpeg&#8221; title_text=&#8221;WhatsApp Image 2024-02-07 at 21.33.05 (1)&#8221; _builder_version=&#8221;4.17.4&#8243; _module_preset=&#8221;default&#8221; custom_margin=&#8221;||69px|||&#8221; global_colors_info=&#8221;{}&#8221;][\/et_pb_image][et_pb_text _builder_version=&#8221;4.17.4&#8243; _module_preset=&#8221;default&#8221; text_text_color=&#8221;#FFFFFF&#8221; text_font_size=&#8221;13px&#8221; header_font=&#8221;Poppins|700|||||||&#8221; header_text_color=&#8221;#FFFFFF&#8221; header_font_size=&#8221;22px&#8221; global_colors_info=&#8221;{}&#8221;]<\/p>\n<h1>Cal\u00e7ada em granito \u2014 Po\u00e7os de Calda -MG<\/h1>\n<p>Execu\u00e7\u00e3o de 8.000 m\u00b2 de cal\u00e7adas em granito no centro de Po\u00e7os de Caldas\/MG<\/p>\n<p>[\/et_pb_text][\/et_pb_column][et_pb_column type=&#8221;1_2&#8243; _builder_version=&#8221;4.17.4&#8243; _module_preset=&#8221;default&#8221; global_colors_info=&#8221;{}&#8221;][\/et_pb_column][\/et_pb_row][\/et_pb_section]<\/p>\n","protected":false},"excerpt":{"rendered":"<p><div class=\"et_pb_module dsm_text_notation dsm_text_notation_0 et_animated  et_pb_bg_layout_light\">\n\t\t\t\t\n\t\t\t\t\n\t\t\t\t\n\t\t\t\t\n\t\t\t\t\n\t\t\t\t\n\t\t\t\t<div class=\"et_pb_module_inner\">\n\t\t\t\t\t<h1 class=\"dsm-text-notation-main et_pb_module_header\"><span data-notation=\"[{&quot;type&quot;:&quot;underline&quot;,&quot;color&quot;:&quot;#336bb3&quot;,&quot;stroke-width&quot;:&quot;1&quot;,&quot;iterations&quot;:&quot;2&quot;,&quot;brackets&quot;:&quot;left|right&quot;,&quot;viewport&quot;:&quot;80%&quot;,&quot;delay&quot;:&quot;0ms&quot;,&quot;divi-animate&quot;:&quot;fade&quot;,&quot;divi-animate-duration&quot;:&quot;1000ms&quot;,&quot;divi-animate-delay&quot;:&quot;0ms&quot;}]\" class=\"dsm-text-notation-middle\">Constru\u00e7\u00e3o e Reforma<\/span><\/h1>\n\t\t\t\t<\/div>\n\t\t\t<\/div>Retrofit Rua da Bahia &#8211; Belo Horizonte\/MGRetrofit est\u00fadio TEJ2 &#8211; Belo Horizonte\/MGConstru\u00e7\u00e3o de s\u00edtio em Lagoa Santa\/MGConstru\u00e7\u00e3o de s\u00edtio em Lagoa Santa\/MGExecu\u00e7\u00e3o de UBS em Po\u00e7o Fundo MG.Execu\u00e7\u00e3o de UBS em Po\u00e7o Fundo MG.SENAC \u2013 MG em Belo Horizonte [&hellip;]<\/p>\n","protected":false},"author":1,"featured_media":0,"parent":0,"menu_order":0,"comment_status":"closed","ping_status":"closed","template":"","meta":{"nf_dc_page":"","_et_pb_use_builder":"on","_et_pb_old_content":"","_et_gb_content_width":"","om_disable_all_campaigns":false,"_monsterinsights_skip_tracking":false,"_monsterinsights_sitenote_active":false,"_monsterinsights_sitenote_note":"","_monsterinsights_sitenote_category":0,"_joinchat":[],"footnotes":""},"class_list":["post-52","page","type-page","status-publish","hentry"],"yoast_head":"<!-- This site is optimized with the Yoast SEO plugin v27.5 - https:\/\/yoast.com\/product\/yoast-seo-wordpress\/ -->\n<title>Constru\u00e7\u00e3o e Reforma - CGPLAN ENGENHARIA<\/title>\n<meta name=\"description\" content=\"Constru\u00e7\u00f5es e reformas realizadas pela CGPLAN ENGENHARIA.\" \/>\n<meta name=\"robots\" content=\"index, follow, max-snippet:-1, max-image-preview:large, max-video-preview:-1\" \/>\n<link rel=\"canonical\" href=\"https:\/\/cgplanengenharia.com.br\/?page_id=52\" \/>\n<meta property=\"og:locale\" content=\"pt_PT\" \/>\n<meta property=\"og:type\" content=\"article\" \/>\n<meta property=\"og:title\" content=\"Constru\u00e7\u00e3o e Reforma - CGPLAN ENGENHARIA\" \/>\n<meta property=\"og:description\" content=\"Constru\u00e7\u00f5es e reformas realizadas pela CGPLAN ENGENHARIA.\" \/>\n<meta property=\"og:url\" content=\"https:\/\/cgplanengenharia.com.br\/?page_id=52\" \/>\n<meta property=\"og:site_name\" content=\"CGPLAN ENGENHARIA\" \/>\n<meta property=\"article:modified_time\" content=\"2025-08-13T17:25:27+00:00\" \/>\n<meta name=\"twitter:card\" content=\"summary_large_image\" \/>\n<meta name=\"twitter:label1\" content=\"Tempo estimado de leitura\" \/>\n\t<meta name=\"twitter:data1\" content=\"1 minuto\" \/>\n<script type=\"application\/ld+json\" class=\"yoast-schema-graph\">{\"@context\":\"https:\\\/\\\/schema.org\",\"@graph\":[{\"@type\":\"WebPage\",\"@id\":\"https:\\\/\\\/cgplanengenharia.com.br\\\/?page_id=52\",\"url\":\"https:\\\/\\\/cgplanengenharia.com.br\\\/?page_id=52\",\"name\":\"Constru\u00e7\u00e3o e Reforma - CGPLAN ENGENHARIA\",\"isPartOf\":{\"@id\":\"https:\\\/\\\/cgplanengenharia.com.br\\\/#website\"},\"datePublished\":\"2022-07-20T22:25:43+00:00\",\"dateModified\":\"2025-08-13T17:25:27+00:00\",\"description\":\"Constru\u00e7\u00f5es e reformas realizadas pela CGPLAN ENGENHARIA.\",\"breadcrumb\":{\"@id\":\"https:\\\/\\\/cgplanengenharia.com.br\\\/?page_id=52#breadcrumb\"},\"inLanguage\":\"pt-PT\",\"potentialAction\":[{\"@type\":\"ReadAction\",\"target\":[\"https:\\\/\\\/cgplanengenharia.com.br\\\/?page_id=52\"]}]},{\"@type\":\"BreadcrumbList\",\"@id\":\"https:\\\/\\\/cgplanengenharia.com.br\\\/?page_id=52#breadcrumb\",\"itemListElement\":[{\"@type\":\"ListItem\",\"position\":1,\"name\":\"Home\",\"item\":\"https:\\\/\\\/cgplanengenharia.com.br\\\/\"},{\"@type\":\"ListItem\",\"position\":2,\"name\":\"Constru\u00e7\u00e3o e Reforma\"}]},{\"@type\":\"WebSite\",\"@id\":\"https:\\\/\\\/cgplanengenharia.com.br\\\/#website\",\"url\":\"https:\\\/\\\/cgplanengenharia.com.br\\\/\",\"name\":\"CGPLAN ENGENHARIA\",\"description\":\"-\",\"potentialAction\":[{\"@type\":\"SearchAction\",\"target\":{\"@type\":\"EntryPoint\",\"urlTemplate\":\"https:\\\/\\\/cgplanengenharia.com.br\\\/?s={search_term_string}\"},\"query-input\":{\"@type\":\"PropertyValueSpecification\",\"valueRequired\":true,\"valueName\":\"search_term_string\"}}],\"inLanguage\":\"pt-PT\"}]}<\/script>\n<!-- \/ Yoast SEO plugin. -->","yoast_head_json":{"title":"Constru\u00e7\u00e3o e Reforma - CGPLAN ENGENHARIA","description":"Constru\u00e7\u00f5es e reformas realizadas pela CGPLAN ENGENHARIA.","robots":{"index":"index","follow":"follow","max-snippet":"max-snippet:-1","max-image-preview":"max-image-preview:large","max-video-preview":"max-video-preview:-1"},"canonical":"https:\/\/cgplanengenharia.com.br\/?page_id=52","og_locale":"pt_PT","og_type":"article","og_title":"Constru\u00e7\u00e3o e Reforma - CGPLAN ENGENHARIA","og_description":"Constru\u00e7\u00f5es e reformas realizadas pela CGPLAN ENGENHARIA.","og_url":"https:\/\/cgplanengenharia.com.br\/?page_id=52","og_site_name":"CGPLAN ENGENHARIA","article_modified_time":"2025-08-13T17:25:27+00:00","twitter_card":"summary_large_image","twitter_misc":{"Tempo estimado de leitura":"1 minuto"},"schema":{"@context":"https:\/\/schema.org","@graph":[{"@type":"WebPage","@id":"https:\/\/cgplanengenharia.com.br\/?page_id=52","url":"https:\/\/cgplanengenharia.com.br\/?page_id=52","name":"Constru\u00e7\u00e3o e Reforma - CGPLAN ENGENHARIA","isPartOf":{"@id":"https:\/\/cgplanengenharia.com.br\/#website"},"datePublished":"2022-07-20T22:25:43+00:00","dateModified":"2025-08-13T17:25:27+00:00","description":"Constru\u00e7\u00f5es e reformas realizadas pela CGPLAN ENGENHARIA.","breadcrumb":{"@id":"https:\/\/cgplanengenharia.com.br\/?page_id=52#breadcrumb"},"inLanguage":"pt-PT","potentialAction":[{"@type":"ReadAction","target":["https:\/\/cgplanengenharia.com.br\/?page_id=52"]}]},{"@type":"BreadcrumbList","@id":"https:\/\/cgplanengenharia.com.br\/?page_id=52#breadcrumb","itemListElement":[{"@type":"ListItem","position":1,"name":"Home","item":"https:\/\/cgplanengenharia.com.br\/"},{"@type":"ListItem","position":2,"name":"Constru\u00e7\u00e3o e Reforma"}]},{"@type":"WebSite","@id":"https:\/\/cgplanengenharia.com.br\/#website","url":"https:\/\/cgplanengenharia.com.br\/","name":"CGPLAN ENGENHARIA","description":"-","potentialAction":[{"@type":"SearchAction","target":{"@type":"EntryPoint","urlTemplate":"https:\/\/cgplanengenharia.com.br\/?s={search_term_string}"},"query-input":{"@type":"PropertyValueSpecification","valueRequired":true,"valueName":"search_term_string"}}],"inLanguage":"pt-PT"}]}},"jetpack_sharing_enabled":true,"_links":{"self":[{"href":"https:\/\/cgplanengenharia.com.br\/index.php?rest_route=\/wp\/v2\/pages\/52","targetHints":{"allow":["GET"]}}],"collection":[{"href":"https:\/\/cgplanengenharia.com.br\/index.php?rest_route=\/wp\/v2\/pages"}],"about":[{"href":"https:\/\/cgplanengenharia.com.br\/index.php?rest_route=\/wp\/v2\/types\/page"}],"author":[{"embeddable":true,"href":"https:\/\/cgplanengenharia.com.br\/index.php?rest_route=\/wp\/v2\/users\/1"}],"replies":[{"embeddable":true,"href":"https:\/\/cgplanengenharia.com.br\/index.php?rest_route=%2Fwp%2Fv2%2Fcomments&post=52"}],"version-history":[{"count":9,"href":"https:\/\/cgplanengenharia.com.br\/index.php?rest_route=\/wp\/v2\/pages\/52\/revisions"}],"predecessor-version":[{"id":268,"href":"https:\/\/cgplanengenharia.com.br\/index.php?rest_route=\/wp\/v2\/pages\/52\/revisions\/268"}],"wp:attachment":[{"href":"https:\/\/cgplanengenharia.com.br\/index.php?rest_route=%2Fwp%2Fv2%2Fmedia&parent=52"}],"curies":[{"name":"wp","href":"https:\/\/api.w.org\/{rel}","templated":true}]}}